{"id":269,"date":"2023-01-03T13:59:40","date_gmt":"2023-01-03T12:59:40","guid":{"rendered":"https:\/\/in.vodapoda.eu\/?page_id=269"},"modified":"2023-02-09T21:57:29","modified_gmt":"2023-02-09T20:57:29","slug":"informacie-pre-verejnu-organizaciu","status":"publish","type":"page","link":"https:\/\/in.vodapoda.eu\/index.php\/informacie\/informacie-pre-verejnu-organizaciu\/","title":{"rendered":"Inform\u00e1cie pre verejn\u00fa organiz\u00e1ciu"},"content":{"rendered":"\t<h5 class=\"govuk-heading-s\">\n\t\tObec, V\u00daC, \u0161t\u00e1tna spr\u00e1va a ich organiz\u00e1cie\t<\/h5>\n\n\t\n\n\n<p>Jednotliv\u00e9 \u00farovne verejnej spr\u00e1vy zodpovedaj\u00fa za svoje \u00fazemie, zveren\u00e9 kompetencie, za tvorbu a&nbsp;implement\u00e1ciu polit\u00edk. Organiz\u00e1cie verejnej spr\u00e1vy predstavuj\u00fa d\u00f4le\u017eit\u00e9 in\u0161tit\u00facie, ktor\u00e9 zabezpe\u010duj\u00fa implement\u00e1ciu polit\u00edk a&nbsp;zodpovednost\u00ed verejnej spr\u00e1vy. Osobitn\u00fa \u00falohu m\u00e1 miestna&nbsp; a region\u00e1lna samospr\u00e1va, osobitn\u00fa \u0161t\u00e1tna spr\u00e1va. &nbsp;<\/p>\n\n\n\n<p><strong>Obec<\/strong>&nbsp;predstavuje z\u00e1kladn\u00fa \u00fazemn\u00fa administrat\u00edvnu jednotku verejnej spr\u00e1vy, miestnu \u00fazemn\u00fa samospr\u00e1vu. \u00dazemie obce je ohrani\u010den\u00e9 zvy\u010dajne jedn\u00fdm katastr\u00e1lnym \u00fazem\u00edm, niekedy ich je aj viac. Katastr\u00e1lne \u00fazemie m\u00e1 presn\u00fa hranicu. Svojou v\u00fdmerou a&nbsp;plochou tvor\u00ed konkr\u00e9tnu \u010das\u0165 povodia. Katastr\u00e1lne \u00fazemie pozost\u00e1va zvy\u010dajne z&nbsp;tis\u00edcok men\u0161\u00edch a&nbsp;v\u00e4\u010d\u0161\u00edch parciel, mnoh\u00e9 z nich maj\u00fa nielen jedn\u00e9ho, ale aj mno\u017estvo podielov\u00fdch spoluvlastn\u00edkov. Katastr\u00e1lne \u00fazemie obce je z\u00e1kladnou \u00fazemnou jednotkou pre integrovan\u00e9 vodn\u00e9, p\u00f4dne a klimatick\u00e9 pl\u00e1novanie. Na p\u00f4de, na konkr\u00e9tnej parcele, sa stret\u00e1vaj\u00fa v\u0161etky enviro-klimatick\u00e9, soci\u00e1lne a&nbsp;hospod\u00e1rske politiky verejnej spr\u00e1vy, aj medzin\u00e1rodn\u00e9ho spolo\u010denstva. Ka\u017ed\u00fd m<sup>2<\/sup>, ka\u017ed\u00fd \u00e1r a&nbsp;hekt\u00e1r p\u00f4dy sa podie\u013ea svojou ve\u013ekos\u0165ou na poskytovan\u00ed produk\u010dn\u00fdch funkci\u00ed, ako aj ekosyst\u00e9mov\u00fdch funkci\u00ed s\u00fa\u010dasne.&nbsp;<strong>Preto je koordin\u00e1cia vodn\u00e9ho, p\u00f4dneho a klimatick\u00e9ho pl\u00e1novania na \u00farovni obce rozhoduj\u00faca, preto\u017ee je z\u00e1kladn\u00e1.<\/strong>&nbsp;Obec m\u00e1 n\u00e1stroje na kontakt a&nbsp;komunik\u00e1ciu s&nbsp;u\u017e\u00edvate\u013emi a&nbsp;vlastn\u00edkmi p\u00f4dy. A&nbsp;pr\u00e1ve aktivita a&nbsp;anga\u017eovanos\u0165 &nbsp;majite\u013eov parciel a&nbsp;u\u017e\u00edvate\u013eov p\u00f4dy rozhoduj\u00facou mierou prispieva k&nbsp;rastu riz\u00edk, alebo k&nbsp;ich poklesu a zvy\u0161ovaniu klimatickej stability a&nbsp;odolnosti. Obce zodpovedaj\u00fa za zabezpe\u010denie pitnej vody,&nbsp;\u010disten\u00ed komun\u00e1lnych odpadov\u00fdch v\u00f4d, ako aj likvid\u00e1ciu komun\u00e1lneho odpadu. Podie\u013eaj\u00fa sa tie\u017e na prevencii pred povod\u0148ami, povod\u0148ovej slu\u017ebe a&nbsp;odstra\u0148ovan\u00ed n\u00e1sledkov povodn\u00ed. Priamo zodpovedaj\u00fa za \u00fazemn\u00e9 pl\u00e1novanie. Komunikuj\u00fa priamo s&nbsp;ob\u010danmi, zodpovedaj\u00fa tie\u017e za zabezpe\u010denie z\u00e1kladnej infra\u0161trukt\u00fary. &nbsp;&nbsp;&nbsp;<\/p>\n\n\n\n<p><strong>Vy\u0161\u0161ie \u00fazemn\u00e9 celky (V\u00daC)<\/strong>&nbsp;z h\u013eadiska p\u00f4dy a&nbsp;vody nemaj\u00fa priame kompetencie. Maj\u00fa v\u0161ak konkr\u00e9tne kompetencie a&nbsp;\u00falohy v&nbsp;r\u00e1mci \u00fazemn\u00e9ho a&nbsp;region\u00e1lneho pl\u00e1novania. Vy\u0161\u0161ie \u00fazemn\u00e9 celky m\u00f4\u017eu efekt\u00edvne koordinova\u0165 komplexnej\u0161ie \u00fazemn\u00e9 \u00falohy, medzi ktor\u00e9 ur\u010dite patria aj adapt\u00e1cia na zmeny kl\u00edmy, energetick\u00e1 politika a&nbsp;podpora rozvoja regi\u00f3nov, spolupr\u00e1ce miest a&nbsp;obc\u00ed, cezhrani\u010dn\u00e1 a&nbsp;medzin\u00e1rodn\u00e1 spolupr\u00e1ca. Koordin\u00e1cia hodnotenia klimatick\u00fdch riz\u00edk sp\u00e1dov\u00fdch regi\u00f3nov, miest a obc\u00ed, koordin\u00e1cia pr\u00edpravy a&nbsp;podpora realiz\u00e1cie adapta\u010dn\u00fdch ako aj mana\u017ementov\u00fdch opatren\u00ed na zn\u00ed\u017eenie povod\u0148ov\u00fdch riz\u00edk a riz\u00edk sucha na v\u00e4\u010d\u0161om \u00fazem\u00ed sa jav\u00ed by\u0165 na \u00farovni samospr\u00e1vneho kraja d\u00f4le\u017eitou \u00falohou region\u00e1lneho rozvoja. Pr\u00edkladom tak\u00e9hoto pr\u00edstupu je Program obnovy krajiny, ktor\u00fd schv\u00e1lil Ko\u0161ick\u00fd samospr\u00e1vny kraj v&nbsp;roku 2018, a&nbsp;v&nbsp;n\u00e1sledn\u00fdch rokoch ho rozpracoval. Bli\u017e\u0161ie inform\u00e1cie s\u00fa na tejto linke&nbsp;<a href=\"https:\/\/web.vucke.sk\/sk\/kompetencie\/regionalny-rozvoj\/program-obnovy-krajiny\/\" target=\"_blank\" rel=\"noreferrer noopener\">https:\/\/web.vucke.sk\/sk\/kompetencie\/regionalny-rozvoj\/program-obnovy-krajiny\/<\/a><\/p>\n\n\n\n<p><strong>\u0160t\u00e1tna spr\u00e1va<\/strong>\u00a0m\u00e1 rozhoduj\u00face kompetencie, nako\u013eko zabezpe\u010duje plnenie \u0161t\u00e1tnych polit\u00edk v\u00a0r\u00f4znych oblastiach, ako aj plnenie medzin\u00e1rodn\u00fdch z\u00e1v\u00e4zkov. \u0160t\u00e1tna spr\u00e1va a jej in\u0161tit\u00facie rozprac\u00favaj\u00fa programov\u00e9 vyhl\u00e1senie vl\u00e1dy. V\u00a0oblasti vody, p\u00f4dy a kl\u00edmy zabezpe\u010duj\u00fa koordin\u00e1ciu adapta\u010dn\u00fdch opatren\u00ed na celoslovenskej \u00farovni. Tieto z\u00e1v\u00e4zky sa premietli do mnoh\u00fdch koncep\u010dn\u00fdch dokumentov,\u00a0n\u00e1rodn\u00fdch programov a\u00a0implementa\u010dn\u00fdch n\u00e1strojov. K\u00a0tak\u00fdm patria:<\/p>\n\n\n\n<p>&#8211;&nbsp;&nbsp;&nbsp;&nbsp;&nbsp;&nbsp;&nbsp;&nbsp;&nbsp;&nbsp;Ak\u010dn\u00fd pl\u00e1n pre implement\u00e1ciu Strat\u00e9gie adapt\u00e1cie SR na zmeny kl\u00edmy<\/p>\n\n\n\n<p>&#8211;\u00a0\u00a0\u00a0\u00a0\u00a0\u00a0\u00a0\u00a0\u00a0\u00a0HODNOTA JE VODA &#8211; Ak\u010dn\u00fd pl\u00e1n na rie\u0161enie d\u00f4sledkov sucha a nedostatku vody<\/p>\n\n\n\n<p>&#8211;&nbsp;&nbsp;&nbsp;&nbsp;&nbsp;&nbsp;&nbsp;&nbsp;&nbsp;&nbsp;Koncepcia vodnej politiky Slovenskej republiky do roku 2030 s v\u00fdh\u013eadom do roku 2050<\/p>\n\n\n\n<p>&#8211;&nbsp;&nbsp;&nbsp;&nbsp;&nbsp;&nbsp;&nbsp;&nbsp;&nbsp;&nbsp;Program revitaliz\u00e1cie krajiny a integrovan\u00e9ho mana\u017ementu povod\u00ed SR<\/p>\n\n\n\n<p>&#8211;&nbsp;&nbsp;&nbsp;&nbsp;&nbsp;&nbsp;&nbsp;&nbsp;&nbsp;&nbsp;Strat\u00e9gia adapt\u00e1cie SR na zmeny kl\u00edmy<\/p>\n\n\n\n<p>&#8211;&nbsp;&nbsp;&nbsp;&nbsp;&nbsp;&nbsp;&nbsp;&nbsp;&nbsp;&nbsp;S\u00fabor opatren\u00ed v oblasti hydromelior\u00e1ci\u00ed pre adapt\u00e1ciu na zmenu kl\u00edmy a obnovu infra\u0161trukt\u00fary z\u00e1vlah na Slovensku<\/p>\n\n\n\n<p>&#8211;&nbsp;&nbsp;&nbsp;&nbsp;&nbsp;&nbsp;&nbsp;&nbsp;&nbsp;&nbsp;V\u00edziu spolo\u010dn\u00fdch postupov pri budovan\u00ed modern\u00e9ho p\u00f4dohospod\u00e1rstva v horizonte roku 2035<\/p>\n\n\n\n<p>&#8211;&nbsp;&nbsp;&nbsp;&nbsp;&nbsp;&nbsp;&nbsp;&nbsp;&nbsp;&nbsp;Zelen\u0161ie Slovensko \u2013 Strat\u00e9gia environment\u00e1lnej politiky Slovenskej republiky do roku 2030 (Envirostrat\u00e9gia 2030)<\/p>\n\n\n\n<p><strong>Rezortn\u00e9 organiz\u00e1cie<\/strong>&nbsp;zabezpe\u010duj\u00fa implement\u00e1ciu rezortn\u00fdch polit\u00edk, vedu a&nbsp;v\u00fdskum, kontroln\u00fa,&nbsp;sk\u00fa\u0161ob\u0148u \u010dinnos\u0165, povo\u013eovanie stavieb a&nbsp;priemyseln\u00fdch prev\u00e1dzok, \u010di certifik\u00e1ciu produktov a&nbsp;vybran\u00fdch \u010dinnost\u00ed. Jedn\u00fdm z&nbsp;d\u00f4le\u017eit\u00fdch aspektov \u00faspe\u0161nosti pl\u00e1novania opatren\u00ed a tvorby funk\u010dn\u00fdch politik je miera integr\u00e1cie a&nbsp;medzirezortn\u00e9ho pr\u00edstupu a spolupr\u00e1ce. Rozdelenie kompetenci\u00ed v&nbsp;r\u00e1mci verejnej spr\u00e1vy je jednou z&nbsp;prirodzen\u00fdch bari\u00e9r integrovan\u00e9ho pr\u00edstupu. Osobitne d\u00f4le\u017eit\u00e1 je preto dobr\u00e1 medzirezortn\u00e1 spolupr\u00e1ca. Ak rie\u0161ime ot\u00e1zky zmien kl\u00edmy, vody a&nbsp;p\u00f4dy k\u013e\u00fa\u010dov\u00e1 je spolupr\u00e1ca rezortov MPRV SR, M\u017dP SR, MH SR, MD SR a \u00daradu pre \u00fazemn\u00e9 pl\u00e1novanie a&nbsp;v\u00fdstavbu SR, ako aj \u010fal\u0161\u00edch.&nbsp;Pre vytvorenie z\u00e1kladu medzirezortnej spolupr\u00e1ce je potrebn\u00e9 vyu\u017ei\u0165 NEXUS pr\u00edstup ako v\u00fdchodisko spolupr\u00e1ce a&nbsp;komplexnej\u0161ie, integrovan\u00e9ho pr\u00edstupu a&nbsp;pl\u00e1novania v&nbsp;oblasti p\u00f4dy, vody a&nbsp;zmien kl\u00edmy. Z\u00e1kladnou jednotkou integrovan\u00e9ho vodn\u00e9ho a&nbsp;pl\u00e1novania je \u00fazemie katastr\u00e1lneho \u00fazemia obce. Integrovan\u00fd pr\u00edstup sa dar\u00ed zav\u00e1dza\u0165 pri praktickom a&nbsp;syst\u00e9movom vyu\u017e\u00edvan\u00ed z\u00e1sad integrovan\u00e9ho mana\u017ementu vodn\u00fdch zdrojov a&nbsp;p\u00f4dneho fondu. &nbsp;&nbsp;&nbsp;&nbsp;&nbsp;&nbsp;<\/p>\n\n\n\t\t<h2 class=\"govuk-heading-l\">Aktuality pre verejn\u00e9 organiz\u00e1cie<\/h2>\n\t\t\t\t\t\t<div class=\"govuk-grid-row\">\n\t\t\t\t\t<div class=\"govuk-grid-column-full\">\n\t\t\t\t\t\t<div class=\"idsk-card idsk-card-hero\">\n\t\t\t\t\t\t\t<a href=\"https:\/\/in.vodapoda.eu\/index.php\/2025\/04\/05\/okruhly-stol-k-priprave-strategie-eu-v-oblasti-vodnej-odolnosti\/\" title=\"Okr\u00fahly st\u00f4l k pr\u00edprave Strat\u00e9gie E\u00da v oblasti vodnej odolnosti\" aria-hidden=\"true\">\n\t\t\t\t\t\t\t\t<img class=\"idsk-card-img idsk-card-img-hero\"\n\t\t\t\t\t\t\t\t\twidth=\"100%\"\n\t\t\t\t\t\t\t\t\tsrc=\"https:\/\/i0.wp.com\/in.vodapoda.eu\/wp-content\/uploads\/2025\/04\/IMG_20250306_173138.jpg?fit=1920%2C1080&#038;ssl=1\"\n\t\t\t\t\t\t\t\t\talt=\"Okr\u00fahly st\u00f4l k pr\u00edprave Strat\u00e9gie E\u00da v oblasti vodnej odolnosti\"\n\t\t\t\t\t\t\t\t\/>\n\t\t\t\t\t\t\t<\/a>\n\n\t\t\t\t\t\t\t<div class=\"idsk-card-content idsk-card-content-hero\">\n\t\t\t\t\t\t\t\t<div class=\"idsk-card-meta-container\">\n\t\t\t\t\t\t\t\t\t<span class=\"idsk-card-meta idsk-card-meta-date\">\n\t\t\t\t\t\t\t\t\t\t<a class=\"govuk-link\"\n\t\t\t\t\t\t\t\t\t\t\thref=\"https:\/\/in.vodapoda.eu\/index.php\/2025\/04\/05\/okruhly-stol-k-priprave-strategie-eu-v-oblasti-vodnej-odolnosti\/\"\n\t\t\t\t\t\t\t\t\t\t\t\t\t\t\t\t\t\t\t\t\t\ttitle=\"Pridan\u00e9 d\u0148a: 5. apr\u00edla 2025\"\n\t\t\t\t\t\t\t\t\t\t>\n\t\t\t\t\t\t\t\t\t\t\t5. apr\u00edla 2025\t\t\t\t\t\t\t\t\t\t<\/a>\n\t\t\t\t\t\t\t\t\t<\/span>\n\n\t\t\t\t\t\t\t\t\t\t\t\t\t\t\t\t\t\t\t<span class=\"idsk-card-meta idsk-card-meta-tag\">\n\t\t\t\t\t\t\t\t\t\t\t<a href=\"https:\/\/in.vodapoda.eu\/index.php\/category\/garant\/\" class=\"govuk-link\" title=\"Odborn\u00e1 verejnos\u0165\">\n\t\t\t\t\t\t\t\t\t\t\t\tOdborn\u00e1 verejnos\u0165\t\t\t\t\t\t\t\t\t\t\t<\/a>\n\t\t\t\t\t\t\t\t\t\t<\/span>\n\t\t\t\t\t\t\t\t\t\t\t\t\t\t\t\t\t\t\t\t<span class=\"idsk-card-meta idsk-card-meta-tag\">\n\t\t\t\t\t\t\t\t\t\t\t<a href=\"https:\/\/in.vodapoda.eu\/index.php\/category\/gov\/\" class=\"govuk-link\" title=\"Verejn\u00e1 organiz\u00e1cia\">\n\t\t\t\t\t\t\t\t\t\t\t\tVerejn\u00e1 organiz\u00e1cia\t\t\t\t\t\t\t\t\t\t\t<\/a>\n\t\t\t\t\t\t\t\t\t\t<\/span>\n\t\t\t\t\t\t\t\t\t\t\t\t\t\t\t\t\t\t<\/div>\n\n\t\t\t\t\t\t\t\t<h2 class=\"idsk-heading idsk-heading-hero\">\n\t\t\t\t\t\t\t\t\t<a href=\"https:\/\/in.vodapoda.eu\/index.php\/2025\/04\/05\/okruhly-stol-k-priprave-strategie-eu-v-oblasti-vodnej-odolnosti\/\" class=\"idsk-card-title govuk-link\" title=\"Okr\u00fahly st\u00f4l k pr\u00edprave Strat\u00e9gie E\u00da v oblasti vodnej odolnosti\">\n\t\t\t\t\t\t\t\t\t\tOkr\u00fahly st\u00f4l k pr\u00edprave Strat\u00e9gie E\u00da v oblasti vodnej odolnosti\t\t\t\t\t\t\t\t\t<\/a>\n\t\t\t\t\t\t\t\t<\/h2>\n\n\t\t\t\t\t\t\t\t<p class=\"idsk-body idsk-body-hero\">V&nbsp;Bruseli sa konalo v&nbsp;d\u0148och 3. a\u017e 7. marca 2025 podujatie s&nbsp;n\u00e1zvom European Ocean Days. Ide u\u017e o&nbsp;pravideln\u00e9 podujatie, ktor\u00e9 sa kon\u00e1 v&nbsp;s\u00favislosti s&nbsp;agendou Misie EU: Obnovme na\u0161e oce\u00e1ny a&nbsp;vody do roku 2030. Na konci minul\u00e9ho roku, nieko\u013eko mesiacov po vo\u013eb\u00e1ch do Eur\u00f3pskeho parlamentu, sa ujala svojej funkcie nov\u00e1 Eur\u00f3pska komisia. T\u00e1 je zlo\u017een\u00e1 z&nbsp;eurokomis\u00e1rov, ktor\u00e1&#8230;<\/p>\n\t\t\t\t\t\t\t<\/div>\n\t\t\t\t\t\t<\/div>\n\t\t\t\t\t<\/div>\n\t\t\t\t<\/div>\n\t\t\t\t\t\t\t\t\t<div class=\"govuk-grid-row\">\n\t\t\t\t\t\n\t\t\t\t<div class=\"govuk-grid-column-one-third\">\n\t\t\t\t\t<div class=\"idsk-card idsk-card-secondary\">\n\t\t\t\t\t\t<a href=\"https:\/\/in.vodapoda.eu\/index.php\/2025\/03\/29\/europska-aliancia-pre-regenerativne-polnohospodarstvo-eara\/\" title=\"Eur\u00f3pska aliancia pre regenerat\u00edvne po\u013enohospod\u00e1rstvo &#8211; EARA\">\n\t\t\t\t\t\t\t<img class=\"idsk-card-img idsk-card-img-secondary\"\n\t\t\t\t\t\t\t\twidth=\"100%\"\n\t\t\t\t\t\t\t\tsrc=\"https:\/\/i0.wp.com\/in.vodapoda.eu\/wp-content\/uploads\/2025\/03\/farm-visit-7-feb-2025.jpg?fit=546%2C305&#038;ssl=1\"\n\t\t\t\t\t\t\t\talt=\"Eur\u00f3pska aliancia pre regenerat\u00edvne po\u013enohospod\u00e1rstvo &#8211; EARA\"\n\t\t\t\t\t\t\t\taria-hidden=\"true\" \/>\n\t\t\t\t\t\t<\/a>\n\n\t\t\t\t\t\t<div class=\"idsk-card-content idsk-card-content-secondary\">\n\t\t\t\t\t\t\t<div class=\"idsk-card-meta-container\">\n\t\t\t\t\t\t\t\t<span class=\"idsk-card-meta idsk-card-meta-date\">\n\t\t\t\t\t\t\t\t\t<a class=\"govuk-link\"\n\t\t\t\t\t\t\t\t\t\thref=\"https:\/\/in.vodapoda.eu\/index.php\/2025\/03\/29\/europska-aliancia-pre-regenerativne-polnohospodarstvo-eara\/\"\n\t\t\t\t\t\t\t\t\t\t\t\t\t\t\t\t\t\t\t\ttitle=\"Pridan\u00e9 d\u0148a: 29. marca 2025\"\n\t\t\t\t\t\t\t\t\t>\n\t\t\t\t\t\t\t\t\t\t29. marca 2025\t\t\t\t\t\t\t\t\t<\/a>\n\t\t\t\t\t\t\t\t<\/span>\n\n\t\t\t\t\t\t\t\t\t\t\t\t\t\t\t\t\t<span class=\"idsk-card-meta idsk-card-meta-tag\">\n\t\t\t\t\t\t\t\t\t\t<a href=\"https:\/\/in.vodapoda.eu\/index.php\/category\/garant\/\" class=\"govuk-link\" title=\"Odborn\u00e1 verejnos\u0165\">\n\t\t\t\t\t\t\t\t\t\t\tOdborn\u00e1 verejnos\u0165\t\t\t\t\t\t\t\t\t\t<\/a>\n\t\t\t\t\t\t\t\t\t<\/span>\n\t\t\t\t\t\t\t\t\t\t\t\t\t\t\t\t\t\t<span class=\"idsk-card-meta idsk-card-meta-tag\">\n\t\t\t\t\t\t\t\t\t\t<a href=\"https:\/\/in.vodapoda.eu\/index.php\/category\/uzivatel\/\" class=\"govuk-link\" title=\"U\u017e\u00edvate\u013e p\u00f4dy\">\n\t\t\t\t\t\t\t\t\t\t\tU\u017e\u00edvate\u013e p\u00f4dy\t\t\t\t\t\t\t\t\t\t<\/a>\n\t\t\t\t\t\t\t\t\t<\/span>\n\t\t\t\t\t\t\t\t\t\t\t\t\t\t\t\t\t\t<span class=\"idsk-card-meta idsk-card-meta-tag\">\n\t\t\t\t\t\t\t\t\t\t<a href=\"https:\/\/in.vodapoda.eu\/index.php\/category\/gov\/\" class=\"govuk-link\" title=\"Verejn\u00e1 organiz\u00e1cia\">\n\t\t\t\t\t\t\t\t\t\t\tVerejn\u00e1 organiz\u00e1cia\t\t\t\t\t\t\t\t\t\t<\/a>\n\t\t\t\t\t\t\t\t\t<\/span>\n\t\t\t\t\t\t\t\t\t\t\t\t\t\t\t\t<\/div>\n\n\t\t\t\t\t\t\t<div class=\"idsk-heading idsk-heading-secondary\">\n\t\t\t\t\t\t\t\t<a href=\"https:\/\/in.vodapoda.eu\/index.php\/2025\/03\/29\/europska-aliancia-pre-regenerativne-polnohospodarstvo-eara\/\" class=\"idsk-card-title govuk-link\" title=\"Eur\u00f3pska aliancia pre regenerat\u00edvne po\u013enohospod\u00e1rstvo &#8211; EARA\">\n\t\t\t\t\t\t\t\t\tEur\u00f3pska aliancia pre regenerat\u00edvne po\u013enohospod\u00e1rstvo &#8211; EARA\t\t\t\t\t\t\t\t<\/a>\n\t\t\t\t\t\t\t<\/div>\n\n\t\t\t\t\t\t\t<p class=\"idsk-body idsk-body-secondary\">5. a\u017e 7. febru\u00e1ra 2025 sa uskuto\u010dnil v Bruseli EARA AGRIFOOD REGENERATION WEEK. Bol to t\u00fd\u017ede\u0148 tematick\u00fdch podujat\u00ed a stretnut\u00ed novovzniknutej (2023) Eur\u00f3pskej alliance pre regenerat\u00edvne po\u013enohospod\u00e1rstvo https:\/\/eara.farm\/, ktor\u00e9 m\u00e1 viac ako 60 \u010dlenov. Podujatie bolo ve\u013emi u\u017eito\u010dn\u00e9 a potrebn\u00e9, preto\u017ee na \u0148om prebiehala diskusia o tom ako transformova\u0165 priemyseln\u00e9 formy po\u013enohospod\u00e1rstva na regenerat\u00edvne po\u013enohospod\u00e1rstvo&#8230;<\/p>\n\t\t\t\t\t\t<\/div>\n\t\t\t\t\t<\/div>\n\t\t\t\t<\/div>\n\n\t\t\t\t\n\t\t\t\t<div class=\"govuk-grid-column-one-third\">\n\t\t\t\t\t<div class=\"idsk-card idsk-card-secondary\">\n\t\t\t\t\t\t<a href=\"https:\/\/in.vodapoda.eu\/index.php\/2023\/04\/04\/ministerstvo-podohospodarstva-a-rozvoja-vidieka-slovenskej-republiky-je-v-procese-implementacie-spolocneho-ramca-hodnotenia\/\" title=\"Ministerstvo p\u00f4dohospod\u00e1rstva a\u00a0rozvoja vidieka Slovenskej republiky je v\u00a0procese implement\u00e1cie spolo\u010dn\u00e9ho r\u00e1mca hodnotenia.\">\n\t\t\t\t\t\t\t<img class=\"idsk-card-img idsk-card-img-secondary\"\n\t\t\t\t\t\t\t\twidth=\"100%\"\n\t\t\t\t\t\t\t\tsrc=\"https:\/\/i0.wp.com\/in.vodapoda.eu\/wp-content\/uploads\/2023\/04\/image2.jpg?fit=650%2C456&#038;ssl=1\"\n\t\t\t\t\t\t\t\talt=\"Ministerstvo p\u00f4dohospod\u00e1rstva a\u00a0rozvoja vidieka Slovenskej republiky je v\u00a0procese implement\u00e1cie spolo\u010dn\u00e9ho r\u00e1mca hodnotenia.\"\n\t\t\t\t\t\t\t\taria-hidden=\"true\" \/>\n\t\t\t\t\t\t<\/a>\n\n\t\t\t\t\t\t<div class=\"idsk-card-content idsk-card-content-secondary\">\n\t\t\t\t\t\t\t<div class=\"idsk-card-meta-container\">\n\t\t\t\t\t\t\t\t<span class=\"idsk-card-meta idsk-card-meta-date\">\n\t\t\t\t\t\t\t\t\t<a class=\"govuk-link\"\n\t\t\t\t\t\t\t\t\t\thref=\"https:\/\/in.vodapoda.eu\/index.php\/2023\/04\/04\/ministerstvo-podohospodarstva-a-rozvoja-vidieka-slovenskej-republiky-je-v-procese-implementacie-spolocneho-ramca-hodnotenia\/\"\n\t\t\t\t\t\t\t\t\t\t\t\t\t\t\t\t\t\t\t\ttitle=\"Pridan\u00e9 d\u0148a: 4. apr\u00edla 2023\"\n\t\t\t\t\t\t\t\t\t>\n\t\t\t\t\t\t\t\t\t\t4. apr\u00edla 2023\t\t\t\t\t\t\t\t\t<\/a>\n\t\t\t\t\t\t\t\t<\/span>\n\n\t\t\t\t\t\t\t\t\t\t\t\t\t\t\t\t\t<span class=\"idsk-card-meta idsk-card-meta-tag\">\n\t\t\t\t\t\t\t\t\t\t<a href=\"https:\/\/in.vodapoda.eu\/index.php\/category\/invest\/\" class=\"govuk-link\" title=\"Investor\">\n\t\t\t\t\t\t\t\t\t\t\tInvestor\t\t\t\t\t\t\t\t\t\t<\/a>\n\t\t\t\t\t\t\t\t\t<\/span>\n\t\t\t\t\t\t\t\t\t\t\t\t\t\t\t\t\t\t<span class=\"idsk-card-meta idsk-card-meta-tag\">\n\t\t\t\t\t\t\t\t\t\t<a href=\"https:\/\/in.vodapoda.eu\/index.php\/category\/garant\/\" class=\"govuk-link\" title=\"Odborn\u00e1 verejnos\u0165\">\n\t\t\t\t\t\t\t\t\t\t\tOdborn\u00e1 verejnos\u0165\t\t\t\t\t\t\t\t\t\t<\/a>\n\t\t\t\t\t\t\t\t\t<\/span>\n\t\t\t\t\t\t\t\t\t\t\t\t\t\t\t\t\t\t<span class=\"idsk-card-meta idsk-card-meta-tag\">\n\t\t\t\t\t\t\t\t\t\t<a href=\"https:\/\/in.vodapoda.eu\/index.php\/category\/gov\/\" class=\"govuk-link\" title=\"Verejn\u00e1 organiz\u00e1cia\">\n\t\t\t\t\t\t\t\t\t\t\tVerejn\u00e1 organiz\u00e1cia\t\t\t\t\t\t\t\t\t\t<\/a>\n\t\t\t\t\t\t\t\t\t<\/span>\n\t\t\t\t\t\t\t\t\t\t\t\t\t\t\t\t<\/div>\n\n\t\t\t\t\t\t\t<div class=\"idsk-heading idsk-heading-secondary\">\n\t\t\t\t\t\t\t\t<a href=\"https:\/\/in.vodapoda.eu\/index.php\/2023\/04\/04\/ministerstvo-podohospodarstva-a-rozvoja-vidieka-slovenskej-republiky-je-v-procese-implementacie-spolocneho-ramca-hodnotenia\/\" class=\"idsk-card-title govuk-link\" title=\"Ministerstvo p\u00f4dohospod\u00e1rstva a\u00a0rozvoja vidieka Slovenskej republiky je v\u00a0procese implement\u00e1cie spolo\u010dn\u00e9ho r\u00e1mca hodnotenia.\">\n\t\t\t\t\t\t\t\t\tMinisterstvo p\u00f4dohospod\u00e1rstva a\u00a0rozvoja vidieka Slovenskej republiky je v\u00a0procese implement\u00e1cie spolo\u010dn\u00e9ho r\u00e1mca hodnotenia.\t\t\t\t\t\t\t\t<\/a>\n\t\t\t\t\t\t\t<\/div>\n\n\t\t\t\t\t\t\t<p class=\"idsk-body idsk-body-secondary\">Spolo\u010dn\u00fd r\u00e1mec hodnotenia&nbsp;(Common Assessment Framework) (\u010falej len \u201emodel CAF\u201c) je syst\u00e9m komplexn\u00e9ho mana\u017e\u00e9rstva kvality vytvoren\u00fd pre verejn\u00fa spr\u00e1vu. Model CAF je syst\u00e9m ur\u010den\u00fd pre verejn\u00fa spr\u00e1vu, aby napom\u00e1hal organiz\u00e1ci\u00e1m verejn\u00e9ho sektora zlep\u0161ova\u0165 ich v\u00fdkonnos\u0165. Je pou\u017eite\u013en\u00fd vo v\u0161etk\u00fdch oblastiach verejnej spr\u00e1vy a d\u00e1 sa aplikova\u0165 na n\u00e1rodnej, region\u00e1lnej aj miestnej \u00farovni. Model CAF patr\u00ed do&#8230;<\/p>\n\t\t\t\t\t\t<\/div>\n\t\t\t\t\t<\/div>\n\t\t\t\t<\/div>\n\n\t\t\t\t\n\t\t\t\t<div class=\"govuk-grid-column-one-third\">\n\t\t\t\t\t<div class=\"idsk-card idsk-card-secondary\">\n\t\t\t\t\t\t<a href=\"https:\/\/in.vodapoda.eu\/index.php\/2023\/01\/28\/v-kosiciach-sa-hovorilo-o-dobrom-vyuziti-stiahnutej-pody-z-lokality-strategickej-investicie\/\" title=\"V Ko\u0161iciach sa hovorilo o dobrom vyu\u017eit\u00ed stiahnutej p\u00f4dy z lokality strategickej invest\u00edcie\">\n\t\t\t\t\t\t\t<img class=\"idsk-card-img idsk-card-img-secondary\"\n\t\t\t\t\t\t\t\twidth=\"100%\"\n\t\t\t\t\t\t\t\tsrc=\"https:\/\/i0.wp.com\/in.vodapoda.eu\/wp-content\/uploads\/2023\/01\/IMG_0065-scaled.jpg?fit=2560%2C1706&#038;ssl=1\"\n\t\t\t\t\t\t\t\talt=\"V Ko\u0161iciach sa hovorilo o dobrom vyu\u017eit\u00ed stiahnutej p\u00f4dy z lokality strategickej invest\u00edcie\"\n\t\t\t\t\t\t\t\taria-hidden=\"true\" \/>\n\t\t\t\t\t\t<\/a>\n\n\t\t\t\t\t\t<div class=\"idsk-card-content idsk-card-content-secondary\">\n\t\t\t\t\t\t\t<div class=\"idsk-card-meta-container\">\n\t\t\t\t\t\t\t\t<span class=\"idsk-card-meta idsk-card-meta-date\">\n\t\t\t\t\t\t\t\t\t<a class=\"govuk-link\"\n\t\t\t\t\t\t\t\t\t\thref=\"https:\/\/in.vodapoda.eu\/index.php\/2023\/01\/28\/v-kosiciach-sa-hovorilo-o-dobrom-vyuziti-stiahnutej-pody-z-lokality-strategickej-investicie\/\"\n\t\t\t\t\t\t\t\t\t\t\t\t\t\t\t\t\t\t\t\ttitle=\"Pridan\u00e9 d\u0148a: 28. janu\u00e1ra 2023\"\n\t\t\t\t\t\t\t\t\t>\n\t\t\t\t\t\t\t\t\t\t28. janu\u00e1ra 2023\t\t\t\t\t\t\t\t\t<\/a>\n\t\t\t\t\t\t\t\t<\/span>\n\n\t\t\t\t\t\t\t\t\t\t\t\t\t\t\t\t\t<span class=\"idsk-card-meta idsk-card-meta-tag\">\n\t\t\t\t\t\t\t\t\t\t<a href=\"https:\/\/in.vodapoda.eu\/index.php\/category\/invest\/\" class=\"govuk-link\" title=\"Investor\">\n\t\t\t\t\t\t\t\t\t\t\tInvestor\t\t\t\t\t\t\t\t\t\t<\/a>\n\t\t\t\t\t\t\t\t\t<\/span>\n\t\t\t\t\t\t\t\t\t\t\t\t\t\t\t\t\t\t<span class=\"idsk-card-meta idsk-card-meta-tag\">\n\t\t\t\t\t\t\t\t\t\t<a href=\"https:\/\/in.vodapoda.eu\/index.php\/category\/garant\/\" class=\"govuk-link\" title=\"Odborn\u00e1 verejnos\u0165\">\n\t\t\t\t\t\t\t\t\t\t\tOdborn\u00e1 verejnos\u0165\t\t\t\t\t\t\t\t\t\t<\/a>\n\t\t\t\t\t\t\t\t\t<\/span>\n\t\t\t\t\t\t\t\t\t\t\t\t\t\t\t\t\t\t<span class=\"idsk-card-meta idsk-card-meta-tag\">\n\t\t\t\t\t\t\t\t\t\t<a href=\"https:\/\/in.vodapoda.eu\/index.php\/category\/uzivatel\/\" class=\"govuk-link\" title=\"U\u017e\u00edvate\u013e p\u00f4dy\">\n\t\t\t\t\t\t\t\t\t\t\tU\u017e\u00edvate\u013e p\u00f4dy\t\t\t\t\t\t\t\t\t\t<\/a>\n\t\t\t\t\t\t\t\t\t<\/span>\n\t\t\t\t\t\t\t\t\t\t\t\t\t\t\t\t\t\t<span class=\"idsk-card-meta idsk-card-meta-tag\">\n\t\t\t\t\t\t\t\t\t\t<a href=\"https:\/\/in.vodapoda.eu\/index.php\/category\/gov\/\" class=\"govuk-link\" title=\"Verejn\u00e1 organiz\u00e1cia\">\n\t\t\t\t\t\t\t\t\t\t\tVerejn\u00e1 organiz\u00e1cia\t\t\t\t\t\t\t\t\t\t<\/a>\n\t\t\t\t\t\t\t\t\t<\/span>\n\t\t\t\t\t\t\t\t\t\t\t\t\t\t\t\t<\/div>\n\n\t\t\t\t\t\t\t<div class=\"idsk-heading idsk-heading-secondary\">\n\t\t\t\t\t\t\t\t<a href=\"https:\/\/in.vodapoda.eu\/index.php\/2023\/01\/28\/v-kosiciach-sa-hovorilo-o-dobrom-vyuziti-stiahnutej-pody-z-lokality-strategickej-investicie\/\" class=\"idsk-card-title govuk-link\" title=\"V Ko\u0161iciach sa hovorilo o dobrom vyu\u017eit\u00ed stiahnutej p\u00f4dy z lokality strategickej invest\u00edcie\">\n\t\t\t\t\t\t\t\t\tV Ko\u0161iciach sa hovorilo o dobrom vyu\u017eit\u00ed stiahnutej p\u00f4dy z lokality strategickej invest\u00edcie\t\t\t\t\t\t\t\t<\/a>\n\t\t\t\t\t\t\t<\/div>\n\n\t\t\t\t\t\t\t<p class=\"idsk-body idsk-body-secondary\">D\u0148a 25.1.2023 sa v Ko\u0161iciach v spolo\u010dn\u00fdch administrat\u00edvnych priestoroch spolo\u010dnost\u00ed Valaliky Industrial Park a VOLVO CAR SLOVAKIA uskuto\u010dnilo v \u010dase od 11:00 hod. do 12:00 hod. \u0161ir\u0161ie pracovn\u00e9 stretnutie za \u00fa\u010dasti \u0160T MPRV SR M. Kov\u00e1\u010da za \u00fa\u010delom prerokovania pr\u00edstupu k vyu\u017eitiu ornice a zeminy z v\u00fdstavby z\u00e1vodu a tie\u017e za \u00fa\u010delom prerokovania mo\u017enosti vyu\u017eitia&#8230;<\/p>\n\t\t\t\t\t\t<\/div>\n\t\t\t\t\t<\/div>\n\t\t\t\t<\/div>\n\n\t\t\t\t\t\t\t\t\t<\/div>\n\t\t\t\t\t","protected":false},"excerpt":{"rendered":"<p>Jednotliv\u00e9 \u00farovne verejnej spr\u00e1vy zodpovedaj\u00fa za svoje \u00fazemie, zveren\u00e9 kompetencie, za tvorbu a&nbsp;implement\u00e1ciu polit\u00edk. Organiz\u00e1cie verejnej spr\u00e1vy predstavuj\u00fa d\u00f4le\u017eit\u00e9 in\u0161tit\u00facie, ktor\u00e9 zabezpe\u010duj\u00fa implement\u00e1ciu polit\u00edk a&nbsp;zodpovednost\u00ed verejnej spr\u00e1vy. Osobitn\u00fa \u00falohu m\u00e1 miestna&nbsp; a region\u00e1lna samospr\u00e1va, osobitn\u00fa \u0161t\u00e1tna spr\u00e1va. &nbsp; Obec&nbsp;predstavuje z\u00e1kladn\u00fa \u00fazemn\u00fa administrat\u00edvnu jednotku verejnej spr\u00e1vy, miestnu \u00fazemn\u00fa samospr\u00e1vu. \u00dazemie obce je ohrani\u010den\u00e9 zvy\u010dajne jedn\u00fdm katastr\u00e1lnym&#8230;<\/p>\n","protected":false},"author":1,"featured_media":0,"parent":7,"menu_order":0,"comment_status":"closed","ping_status":"closed","template":"","meta":{"footnotes":""},"class_list":["post-269","page","type-page","status-publish","hentry"],"jetpack_sharing_enabled":true,"_links":{"self":[{"href":"https:\/\/in.vodapoda.eu\/index.php\/wp-json\/wp\/v2\/pages\/269","targetHints":{"allow":["GET"]}}],"collection":[{"href":"https:\/\/in.vodapoda.eu\/index.php\/wp-json\/wp\/v2\/pages"}],"about":[{"href":"https:\/\/in.vodapoda.eu\/index.php\/wp-json\/wp\/v2\/types\/page"}],"author":[{"embeddable":true,"href":"https:\/\/in.vodapoda.eu\/index.php\/wp-json\/wp\/v2\/users\/1"}],"replies":[{"embeddable":true,"href":"https:\/\/in.vodapoda.eu\/index.php\/wp-json\/wp\/v2\/comments?post=269"}],"version-history":[{"count":5,"href":"https:\/\/in.vodapoda.eu\/index.php\/wp-json\/wp\/v2\/pages\/269\/revisions"}],"predecessor-version":[{"id":741,"href":"https:\/\/in.vodapoda.eu\/index.php\/wp-json\/wp\/v2\/pages\/269\/revisions\/741"}],"up":[{"embeddable":true,"href":"https:\/\/in.vodapoda.eu\/index.php\/wp-json\/wp\/v2\/pages\/7"}],"wp:attachment":[{"href":"https:\/\/in.vodapoda.eu\/index.php\/wp-json\/wp\/v2\/media?parent=269"}],"curies":[{"name":"wp","href":"https:\/\/api.w.org\/{rel}","templated":true}]}}