{"id":362,"date":"2023-01-09T23:39:51","date_gmt":"2023-01-09T22:39:51","guid":{"rendered":"https:\/\/in.vodapoda.eu\/?page_id=362"},"modified":"2025-04-05T23:18:54","modified_gmt":"2025-04-05T21:18:54","slug":"dokumenty","status":"publish","type":"page","link":"https:\/\/in.vodapoda.eu\/index.php\/dokumenty\/","title":{"rendered":"Dokumenty"},"content":{"rendered":"\n<p><strong>Komplexn\u00fd pr\u00edstup k vode, p\u00f4de a kl\u00edme  ( Water &#8211; Soil &#8211; Climate NEXUS )<\/strong><\/p>\n\n\n\n<p><a href=\"https:\/\/bioeast.eu\/the-final-report-of-the-bioeast-and-beyond-high-level-conference-is-now-published\/\" data-type=\"link\" data-id=\"https:\/\/bioeast.eu\/the-final-report-of-the-bioeast-and-beyond-high-level-conference-is-now-published\/\">Z\u00e1vere\u010dn\u00e1 spr\u00e1va<\/a> z konferencie s vysokou \u00fa\u010das\u0165ou &#8222;BioEast and Beyond: Partnering for the Future&#8220;, ktor\u00e1 sa uskuto\u010dnila d\u0148a 5. decembra 2024 v Budape\u0161ti<\/p>\n\n\n\n<p>Bilater\u00e1lna iniciat\u00edva zameran\u00e1 na rozvoj siln\u00fdch partnerstiev medzi N\u00f3rskom a Slovenskom v oblastiach zelenej a modrej infra\u0161trukt\u00fary a ekosyst\u00e9mov\u00fdch slu\u017eieb &#8211; z\u00e1znam z odborn\u00e9ho semin\u00e1ra <a href=\"https:\/\/bioklimapark.com\/en\/bilateral-initiative-for-shaping-green-blues-services-for-regions\/\" data-type=\"link\" data-id=\"https:\/\/bioklimapark.com\/en\/bilateral-initiative-for-shaping-green-blues-services-for-regions\/\">\u201cFrom Carbon Neutrality to Climate Stability \u2013 Activating a New Economic and Investment Model&#8220;<\/a> , ktor\u00fd sa uskuto\u010dnil v Oslo d\u0148a 24. septembra 2024 <\/p>\n\n\n\n<p><a href=\"https:\/\/www.faccejpi.net\/en\/faccejpi\/building-resilience-in-europes-food-systems-key-takeaways-from-the-facce-jpi-workshop-on-climate-shocks-to-the-food-system.htm\" data-type=\"link\" data-id=\"https:\/\/www.faccejpi.net\/en\/faccejpi\/building-resilience-in-europes-food-systems-key-takeaways-from-the-facce-jpi-workshop-on-climate-shocks-to-the-food-system.htm\">K\u013e\u00fa\u010dov\u00e9 poznatky<\/a> z workshopu FACCE-JPI na t\u00e9mu \u201ePochopenie syst\u00e9mov\u00fdch \u0161okov v eur\u00f3pskych potravinov\u00fdch syst\u00e9moch&#8220;, ktor\u00fd sa konal d\u0148a 19. septembra 2024 v Bruseli.<\/p>\n\n\n\n<div style=\"height:59px\" aria-hidden=\"true\" class=\"wp-block-spacer\"><\/div>\n\n\n\n<p><strong>Koncept \u201eP\u00f4da \u2013 uhl\u00edkov\u00e1 a&nbsp;vodn\u00e1 banka krajiny\u201c<\/strong><\/p>\n\n\n\n<p><a href=\"https:\/\/in.vodapoda.eu\/index.php\/o-koncepte-poda-uhlikova-a-vodna-banka-krajiny\/\" data-type=\"URL\" data-id=\"https:\/\/in.vodapoda.eu\/index.php\/o-koncepte-poda-uhlikova-a-vodna-banka-krajiny\/\">Koncept MPRV SR \u201eP\u00f4da \u2013 uhl\u00edkov\u00e1 a&nbsp;vodn\u00e1 banka krajiny\u201c<\/a> &#8211; koncepcia oce\u0148ovania a financovania ekosyst\u00e9mov\u00fdch slu\u017eieb p\u00f4dy a krajiny a budovania p\u00f4dohospod\u00e1rskej znalostnej b\u00e1zy NEXUS<\/p>\n\n\n\n<p><strong><a href=\"https:\/\/www.mpsr.sk\/en\/index.php?navID=54&amp;id=84\" data-type=\"link\" data-id=\"https:\/\/www.mpsr.sk\/en\/index.php?navID=54&amp;id=84\">Water for Climate Healing \u2013 A&nbsp;New Water Paradigm White Paper<\/a><\/strong> &#8211; odborn\u00fd pr\u00edspevok pripraven\u00fd pre druh\u00fa konferenciu OSN o vode, ktor\u00e1 sa konala v d\u0148och 22. a\u017e 24.3.2023 v New Yorku<\/p>\n\n\n\n<p>Informa\u010dn\u00fd let\u00e1k &#8222;P\u00f4da &#8211; uhl\u00edkov\u00e1 a vodn\u00e1 banka krajiny&#8220;, <a href=\"https:\/\/in.vodapoda.eu\/wp-content\/uploads\/2023\/01\/LETAK_PODA-_UHLIKOVA-A-VODNA-BANKA-final-final.pdf\" data-type=\"URL\" data-id=\"https:\/\/in.vodapoda.eu\/wp-content\/uploads\/2023\/01\/LETAK_PODA-_UHLIKOVA-A-VODNA-BANKA-final-final.pdf\">PDF s\u00fabor<\/a>  <\/p>\n\n\n\n<p><a href=\"https:\/\/rokovania.gov.sk\/RVL\/Material\/26781\/1\" data-type=\"URL\" data-id=\"https:\/\/rokovania.gov.sk\/RVL\/Material\/26781\/1\">V\u00edzia spolo\u010dn\u00fdch postupov pri budovan\u00ed modern\u00e9ho p\u00f4dohospod\u00e1rstva v horizonte roku 2035<\/a>, materi\u00e1l k uzneseniu vl\u00e1dy SR \u010d. 785\/2021 zo d\u0148a 17. decembra 2021 <\/p>\n\n\n\n<p>Ideov\u00fd z\u00e1mer vzniku Klimatick\u00e9ho fondu pre p\u00f4du, 05\/2022<\/p>\n\n\n\n<p><a href=\"https:\/\/hsr.rokovania.sk\/8612023-\/?csrt=10372033401940821597\" data-type=\"URL\" data-id=\"https:\/\/hsr.rokovania.sk\/8612023-\/?csrt=10372033401940821597\">Legislat\u00edvny z\u00e1mer n\u00e1vrhu z\u00e1kona o&nbsp;Klimatickom fonde pre p\u00f4du<\/a>, materi\u00e1l predlo\u017een\u00fd na rokovanie Legislat\u00edvnej rady vl\u00e1dy SR, rokovanie d\u0148a 31.1.2023<\/p>\n\n\n\n<p><a href=\"https:\/\/www.mpsr.sk\/rozvoj-vidieka-a-priame-platby-rybne-hospodarstvo\/priame-platby-a-kondicionalita-2023-2027\/47-43-1569\" data-type=\"URL\" data-id=\"https:\/\/www.mpsr.sk\/rozvoj-vidieka-a-priame-platby-rybne-hospodarstvo\/priame-platby-a-kondicionalita-2023-2027\/47-43-1569\">Strategick\u00fd pl\u00e1n SPP 2023-27<\/a> bol schv\u00e1len\u00fd Eur\u00f3pskou komisiou d\u0148a 24.11.2022<\/p>\n\n\n\n<p><a href=\"https:\/\/rokovania.gov.sk\/RVL\/Material\/27888\/2\" data-type=\"URL\" data-id=\"https:\/\/rokovania.gov.sk\/RVL\/Material\/27888\/2\">S\u00fabor opatren\u00ed v oblasti hydromelior\u00e1ci\u00ed pre adapt\u00e1ciu na zmenu kl\u00edmy a obnovu infra\u0161trukt\u00fary z\u00e1vlah na Slovensku<\/a>, materi\u00e1l k uzneseniu vl\u00e1dy SR \u010d. 784\/2022 zo d\u0148a 14. decembra 2022<\/p>\n\n\n\n<p>NEXUS matica Eur\u00f3pskych a&nbsp;n\u00e1rodn\u00fdch enviro-klimatick\u00fdch strat\u00e9gi\u00ed, koncepci\u00ed a polit\u00edk<\/p>\n\n\n\n<p><a href=\"https:\/\/www.mpsr.sk\/zelena-sprava\/121\" data-type=\"URL\" data-id=\"https:\/\/www.mpsr.sk\/zelena-sprava\/121\">Zelen\u00e9 spr\u00e1vy <\/a>MPRV SR<\/p>\n\n\n\n<div style=\"height:59px\" aria-hidden=\"true\" class=\"wp-block-spacer\"><\/div>\n\n\n\n<p><\/p>\n\n\n\n<p><\/p>\n\n\n\n<p><strong>Program obnovy krajiny Ko\u0161ick\u00e9ho samospr\u00e1vneho kraja<\/strong><\/p>\n\n\n\n<p><br><a href=\"https:\/\/climate-adapt.eea.europa.eu\/en\/metadata\/case-studies\/landscape-and-watershed-recovery-programme-for-the-kosice-region-of-slovakia\" data-type=\"link\" data-id=\"https:\/\/climate-adapt.eea.europa.eu\/en\/metadata\/case-studies\/landscape-and-watershed-recovery-programme-for-the-kosice-region-of-slovakia\">Case study<\/a> &#8222;Landscape and watershed Recovery Programme for the Ko\u0161ice Region of Slovakia&#8220;, inform\u00e1cia o Programe obnovy krajiny na Eur\u00f3pskom port\u00e1li o adapt\u00e1cii na zmenu kl\u00edmy<\/p>\n\n\n\n<p><a href=\"https:\/\/web.vucke.sk\/sk\/kompetencie\/regionalny-rozvoj\/program-obnovy-krajiny\/\" data-type=\"URL\" data-id=\"https:\/\/web.vucke.sk\/sk\/kompetencie\/regionalny-rozvoj\/program-obnovy-krajiny\/\">Program obnovy krajiny<\/a> schv\u00e1lilo zastupite\u013estvo Ko\u0161ick\u00e9ho samospr\u00e1vneho kraja d\u0148a 22.10.2018. Cie\u013eom programu je zmeni\u0165 pr\u00edstup pri obhospodarovan\u00ed lesnej a&nbsp;po\u013enohospod\u00e1rsky vyu\u017e\u00edvanej krajiny, ako aj urb\u00e1nnej krajiny&nbsp; a&nbsp;umo\u017eni\u0165 vznik vodoz\u00e1dr\u017en\u00fdch opatren\u00ed tak, aby podstatn\u00e1 \u010das\u0165 da\u017e\u010fovej vody mohla by\u0165 zadr\u017ean\u00e1 v&nbsp;krajine.<\/p>\n\n\n\n<figure class=\"wp-block-image size-full\"><img data-recalc-dims=\"1\" loading=\"lazy\" decoding=\"async\" width=\"420\" height=\"238\" src=\"https:\/\/i0.wp.com\/in.vodapoda.eu\/wp-content\/uploads\/2023\/01\/logo_pok.jpg?resize=420%2C238&#038;ssl=1\" alt=\"\" class=\"wp-image-554\" srcset=\"https:\/\/i0.wp.com\/in.vodapoda.eu\/wp-content\/uploads\/2023\/01\/logo_pok.jpg?w=420&amp;ssl=1 420w, https:\/\/i0.wp.com\/in.vodapoda.eu\/wp-content\/uploads\/2023\/01\/logo_pok.jpg?resize=300%2C170&amp;ssl=1 300w\" sizes=\"auto, (max-width: 420px) 100vw, 420px\" \/><\/figure>\n\n\n\n<div style=\"height:59px\" aria-hidden=\"true\" class=\"wp-block-spacer\"><\/div>\n\n\n\n<p><strong>Program revitaliz\u00e1cie krajiny a integrovan\u00e9ho mana\u017ementu povod\u00ed SR<\/strong><\/p>\n\n\n\n<p><a href=\"https:\/\/rokovania.gov.sk\/RVL\/Material\/6238\/1\" data-type=\"URL\" data-id=\"https:\/\/rokovania.gov.sk\/RVL\/Material\/6238\/1\">N\u00e1vrh princ\u00edpov, z\u00e1sad a r\u00e1mcov\u00fdch podmienok pre zabezpe\u010denie prevencie pred povod\u0148ami, zni\u017eovanie povod\u0148ov\u00fdch riz\u00edk, riz\u00edk sucha, ostatn\u00fdch riz\u00edk n\u00e1hlych pr\u00edrodn\u00fdch \u017eiveln\u00fdch pohr\u00f4m a integrovan\u00fd mana\u017ement povod\u00ed<\/a>, materi\u00e1l k uzneseniu vl\u00e1dy SR \u010d. 556\/2010 zo d\u0148a 27. augusta 2010<\/p>\n\n\n\n<p><a href=\"https:\/\/rokovania.gov.sk\/RVL\/Material\/6512\/1\" data-type=\"URL\" data-id=\"https:\/\/rokovania.gov.sk\/RVL\/Material\/6512\/1\">N\u00e1vrh Programu revitaliz\u00e1cie krajiny a integrovan\u00e9ho mana\u017ementu povod\u00ed Slovenskej republiky a n\u00e1vrh jeho realiza\u010dn\u00e9ho projektu 2010<\/a>, materi\u00e1l k uzneseniu vl\u00e1dy SR \u010d. 744\/2010 zo d\u0148a 27. okt\u00f3bra 2010 <\/p>\n\n\n\n<p><a href=\"https:\/\/rokovania.gov.sk\/RVL\/Material\/7009\/1\" data-type=\"URL\" data-id=\"https:\/\/rokovania.gov.sk\/RVL\/Material\/7009\/1\">N\u00e1vrh prv\u00e9ho realiza\u010dn\u00e9ho projektu Programu revitaliz\u00e1cie krajiny a integrovan\u00e9ho mana\u017ementu povod\u00ed Slovenskej republiky 2011<\/a>, materi\u00e1l k uzneseniu vl\u00e1dy SR \u010d. 183\/2011 zo d\u0148a 9. marca 2011<\/p>\n\n\n\n<p><a href=\"https:\/\/rokovania.gov.sk\/RVL\/Material\/7782\/1\" data-type=\"URL\" data-id=\"https:\/\/rokovania.gov.sk\/RVL\/Material\/7782\/1\">N\u00e1vrh druh\u00e9ho realiza\u010dn\u00e9ho projektu Programu revitaliz\u00e1cie krajiny a integrovan\u00e9ho mana\u017ementu povod\u00ed Slovenskej republiky 2011<\/a>, materi\u00e1l k uzneseniu vl\u00e1dy SR \u010d. 590\/2011 zo d\u0148a 7. septembra 2011 <\/p>\n\n\n\n<p><a href=\"https:\/\/rokovania.gov.sk\/RVL\/Material\/8285\/1\" data-type=\"URL\" data-id=\"https:\/\/rokovania.gov.sk\/RVL\/Material\/8285\/1\">Inform\u00e1cia o programe revitaliz\u00e1cie krajiny a integrovan\u00e9ho mana\u017ementu povod\u00ed SR v r\u00e1mci rezortnej politiky Ministerstva p\u00f4dohospod\u00e1rstva a rozvoja vidieka SR, ktor\u00fdm sa usmer\u0148uj\u00fa \u010dinnosti prevencie pred povod\u0148ami, zni\u017eovania povod\u0148ov\u00fdch riz\u00edk, riz\u00edk sucha a ostatn\u00fdch riz\u00edk n\u00e1hlych pr\u00edrodn\u00fdch \u017eiveln\u00fdch pohr\u00f4m<\/a>, informat\u00edvny materi\u00e1l \u010d. UV-7504\/2012 z rokovania vl\u00e1dy SR d\u0148a 20.2.2012<\/p>\n\n\n\n<p><a href=\"https:\/\/rokovania.gov.sk\/RVL\/Material\/8317\/1\" data-type=\"URL\" data-id=\"https:\/\/rokovania.gov.sk\/RVL\/Material\/8317\/1\">S\u00fahrnn\u00e1 spr\u00e1va o realiz\u00e1cii prv\u00e9ho realiza\u010dn\u00e9ho projektu Programu revitaliz\u00e1cie krajiny a integrovan\u00e9ho mana\u017ementu povod\u00ed Slovenskej republiky 2011<\/a>, informat\u00edvny materi\u00e1l \u010d. UV-9915\/2012 z rokovania vl\u00e1dy SR d\u0148a 21.3.2012<\/p>\n\n\n\n<p><a href=\"https:\/\/www.ludiaavoda.sk\/data\/files\/44_kravcik-after-us-the-desert-and-the-deluge.pdf\">Po n\u00e1s p\u00fa\u0161\u0165 a potopa?<\/a> dokument\u00e1cia v\u00fdsledkov Programu revitaliz\u00e1cie krajiny a integrovan\u00e9ho mana\u017ementu povod\u00ed SR z rokov 2010-12<\/p>\n\n\n\n<p><\/p>\n\n\n\n<p><\/p>\n\n\n\n<div style=\"height:59px\" aria-hidden=\"true\" class=\"wp-block-spacer\"><\/div>\n\n\n\n<p><strong>Rozpracovanie komplexn\u00e9ho pr\u00edstupu k mana\u017ementu vodn\u00fdch zdrojov a p\u00f4dneho fondu v r\u00e1mci ZMOS<\/strong><\/p>\n\n\n\n<p><a href=\"https:\/\/www.zmos.sk\/download_file_f.php?id=1304917\">Strat\u00e9gia ZMOS v oblasti protipovod\u0148ovej prevencie a ochrany \u00fazemia miest a obc\u00ed pred povod\u0148ami<\/a> (2007)<\/p>\n\n\n\n<p><a href=\"http:\/\/vodnaparadigma.sk\/\" data-type=\"URL\" data-id=\"http:\/\/vodnaparadigma.sk\/\">Voda pre ozdravenie kl\u00edmy \u2013 nov\u00e1 vodn\u00e1 paradigma<\/a> (2007)<\/p>\n\n\n\n<p><a href=\"http:\/\/www.waterparadigm.org\/download\/Zasady_IMVZ_obci.pdf\" data-type=\"URL\" data-id=\"http:\/\/www.waterparadigm.org\/download\/Zasady_IMVZ_obci.pdf\">Z\u00e1sady integrovan\u00e9ho mana\u017ementu vodn\u00fdch zdrojov na \u00fazem\u00ed obc\u00ed a ich povod\u00ed<\/a> (2009)<\/p>\n\n\n\n<p><a href=\"http:\/\/archiv.zmos.sk\/%22\/katalog-opatreni-rieseni-a-prikladov-z-praxe.phtml?id3=49905\" data-type=\"URL\" data-id=\"http:\/\/archiv.zmos.sk\/%22\/katalog-opatreni-rieseni-a-prikladov-z-praxe.phtml?id3=49905\">Katal\u00f3g opatren\u00ed, rie\u0161en\u00ed a pr\u00edkladov z praxe<\/a> &#8211; prv\u00e1 verzia katal\u00f3gu ZMOS z roku 2010 <\/p>\n\n\n\n<div style=\"height:59px\" aria-hidden=\"true\" class=\"wp-block-spacer\"><\/div>\n","protected":false},"excerpt":{"rendered":"<p>Komplexn\u00fd pr\u00edstup k vode, p\u00f4de a kl\u00edme ( Water &#8211; Soil &#8211; Climate NEXUS ) Z\u00e1vere\u010dn\u00e1 spr\u00e1va z konferencie s vysokou \u00fa\u010das\u0165ou &#8222;BioEast and Beyond: Partnering for the Future&#8220;, ktor\u00e1 sa uskuto\u010dnila d\u0148a 5. decembra 2024 v Budape\u0161ti Bilater\u00e1lna iniciat\u00edva zameran\u00e1 na rozvoj siln\u00fdch partnerstiev medzi N\u00f3rskom a Slovenskom v oblastiach zelenej a modrej infra\u0161trukt\u00fary&#8230;<\/p>\n","protected":false},"author":1,"featured_media":0,"parent":0,"menu_order":0,"comment_status":"closed","ping_status":"closed","template":"","meta":{"footnotes":""},"class_list":["post-362","page","type-page","status-publish","hentry"],"jetpack_sharing_enabled":true,"_links":{"self":[{"href":"https:\/\/in.vodapoda.eu\/index.php\/wp-json\/wp\/v2\/pages\/362","targetHints":{"allow":["GET"]}}],"collection":[{"href":"https:\/\/in.vodapoda.eu\/index.php\/wp-json\/wp\/v2\/pages"}],"about":[{"href":"https:\/\/in.vodapoda.eu\/index.php\/wp-json\/wp\/v2\/types\/page"}],"author":[{"embeddable":true,"href":"https:\/\/in.vodapoda.eu\/index.php\/wp-json\/wp\/v2\/users\/1"}],"replies":[{"embeddable":true,"href":"https:\/\/in.vodapoda.eu\/index.php\/wp-json\/wp\/v2\/comments?post=362"}],"version-history":[{"count":40,"href":"https:\/\/in.vodapoda.eu\/index.php\/wp-json\/wp\/v2\/pages\/362\/revisions"}],"predecessor-version":[{"id":861,"href":"https:\/\/in.vodapoda.eu\/index.php\/wp-json\/wp\/v2\/pages\/362\/revisions\/861"}],"wp:attachment":[{"href":"https:\/\/in.vodapoda.eu\/index.php\/wp-json\/wp\/v2\/media?parent=362"}],"curies":[{"name":"wp","href":"https:\/\/api.w.org\/{rel}","templated":true}]}}