{"id":7,"date":"2022-11-22T00:32:04","date_gmt":"2022-11-21T23:32:04","guid":{"rendered":"https:\/\/in.vodapoda.eu\/?page_id=7"},"modified":"2025-02-20T15:34:52","modified_gmt":"2025-02-20T14:34:52","slug":"informacie","status":"publish","type":"page","link":"https:\/\/in.vodapoda.eu\/","title":{"rendered":""},"content":{"rendered":"\n<div class=\"wp-block-columns is-layout-flex wp-container-core-columns-is-layout-9d6595d7 wp-block-columns-is-layout-flex\">\n<div class=\"wp-block-column is-layout-flow wp-block-column-is-layout-flow\" style=\"flex-basis:66.66%\">\t\t<h2 class=\"govuk-heading-l\">Aktuality<\/h2>\n\t\t\t\t\t\t<div class=\"govuk-grid-row\">\n\t\t\t\t\t<div class=\"govuk-grid-column-full\">\n\t\t\t\t\t\t<div class=\"idsk-card idsk-card-hero\">\n\t\t\t\t\t\t\t<a href=\"https:\/\/in.vodapoda.eu\/index.php\/2025\/05\/30\/vedecky-tyzden-cgiar-v-nairobi-2025\/\" title=\"Vedeck\u00fd t\u00fd\u017ede\u0148 CGIAR v Nairobi, 2025\" aria-hidden=\"true\">\n\t\t\t\t\t\t\t\t<img class=\"idsk-card-img idsk-card-img-hero\"\n\t\t\t\t\t\t\t\t\twidth=\"100%\"\n\t\t\t\t\t\t\t\t\tsrc=\"https:\/\/i0.wp.com\/in.vodapoda.eu\/wp-content\/uploads\/2025\/05\/IMG_20250409_155839.jpg?fit=1920%2C1080&#038;ssl=1\"\n\t\t\t\t\t\t\t\t\talt=\"Vedeck\u00fd t\u00fd\u017ede\u0148 CGIAR v Nairobi, 2025\"\n\t\t\t\t\t\t\t\t\/>\n\t\t\t\t\t\t\t<\/a>\n\n\t\t\t\t\t\t\t<div class=\"idsk-card-content idsk-card-content-hero\">\n\t\t\t\t\t\t\t\t<div class=\"idsk-card-meta-container\">\n\t\t\t\t\t\t\t\t\t<span class=\"idsk-card-meta idsk-card-meta-date\">\n\t\t\t\t\t\t\t\t\t\t<a class=\"govuk-link\"\n\t\t\t\t\t\t\t\t\t\t\thref=\"https:\/\/in.vodapoda.eu\/index.php\/2025\/05\/30\/vedecky-tyzden-cgiar-v-nairobi-2025\/\"\n\t\t\t\t\t\t\t\t\t\t\t\t\t\t\t\t\t\t\t\t\t\ttitle=\"Pridan\u00e9 d\u0148a: 30. m\u00e1ja 2025\"\n\t\t\t\t\t\t\t\t\t\t>\n\t\t\t\t\t\t\t\t\t\t\t30. m\u00e1ja 2025\t\t\t\t\t\t\t\t\t\t<\/a>\n\t\t\t\t\t\t\t\t\t<\/span>\n\n\t\t\t\t\t\t\t\t\t\t\t\t\t\t\t\t\t\t\t<span class=\"idsk-card-meta idsk-card-meta-tag\">\n\t\t\t\t\t\t\t\t\t\t\t<a href=\"https:\/\/in.vodapoda.eu\/index.php\/category\/garant\/nezaradene\/\" class=\"govuk-link\" title=\"Nezaraden\u00e9\">\n\t\t\t\t\t\t\t\t\t\t\t\tNezaraden\u00e9\t\t\t\t\t\t\t\t\t\t\t<\/a>\n\t\t\t\t\t\t\t\t\t\t<\/span>\n\t\t\t\t\t\t\t\t\t\t\t\t\t\t\t\t\t\t<\/div>\n\n\t\t\t\t\t\t\t\t<h2 class=\"idsk-heading idsk-heading-hero\">\n\t\t\t\t\t\t\t\t\t<a href=\"https:\/\/in.vodapoda.eu\/index.php\/2025\/05\/30\/vedecky-tyzden-cgiar-v-nairobi-2025\/\" class=\"idsk-card-title govuk-link\" title=\"Vedeck\u00fd t\u00fd\u017ede\u0148 CGIAR v Nairobi, 2025\">\n\t\t\t\t\t\t\t\t\t\tVedeck\u00fd t\u00fd\u017ede\u0148 CGIAR v Nairobi, 2025\t\t\t\t\t\t\t\t\t<\/a>\n\t\t\t\t\t\t\t\t<\/h2>\n\n\t\t\t\t\t\t\t\t<p class=\"idsk-body idsk-body-hero\">Druh\u00fd apr\u00edlov\u00fd t\u00fd\u017ede\u0148 sa v d\u0148och 7. a\u017e 11. apr\u00edla 2025 uskuto\u010dnil prv\u00fd ro\u010dn\u00edk vedeck\u00e9ho t\u00fd\u017ed\u0148a CGIAR v Nairobi, v Keni. I\u0161lo o v\u00fdnimo\u010dn\u00e9 vedeck\u00e9 a odborn\u00e9 podujatie, ktor\u00e9 prebiehalo v konferen\u010dn\u00fdch priestoroch OSN. CGIAR (n\u00e1zov odvoden\u00fd od predo\u0161l\u00e9ho n\u00e1zvu organiz\u00e1cie &#8211; Consultative Group on International Agricultural Research) je glob\u00e1lne v\u00fdskumn\u00e9 konzorcium medzin\u00e1rodn\u00fdch v\u00fdskumn\u00fdch centier&#8230;<\/p>\n\t\t\t\t\t\t\t<\/div>\n\t\t\t\t\t\t<\/div>\n\t\t\t\t\t<\/div>\n\t\t\t\t<\/div>\n\t\t\t\t\t\t\t\t\t<div class=\"govuk-grid-row\">\n\t\t\t\t\t\n\t\t\t\t<div class=\"govuk-grid-column-one-third\">\n\t\t\t\t\t<div class=\"idsk-card idsk-card-secondary\">\n\t\t\t\t\t\t<a href=\"https:\/\/in.vodapoda.eu\/index.php\/2025\/04\/05\/okruhly-stol-k-priprave-strategie-eu-v-oblasti-vodnej-odolnosti\/\" title=\"Okr\u00fahly st\u00f4l k pr\u00edprave Strat\u00e9gie E\u00da v oblasti vodnej odolnosti\">\n\t\t\t\t\t\t\t<img class=\"idsk-card-img idsk-card-img-secondary\"\n\t\t\t\t\t\t\t\twidth=\"100%\"\n\t\t\t\t\t\t\t\tsrc=\"https:\/\/i0.wp.com\/in.vodapoda.eu\/wp-content\/uploads\/2025\/04\/IMG_20250306_173138.jpg?fit=1920%2C1080&#038;ssl=1\"\n\t\t\t\t\t\t\t\talt=\"Okr\u00fahly st\u00f4l k pr\u00edprave Strat\u00e9gie E\u00da v oblasti vodnej odolnosti\"\n\t\t\t\t\t\t\t\taria-hidden=\"true\" \/>\n\t\t\t\t\t\t<\/a>\n\n\t\t\t\t\t\t<div class=\"idsk-card-content idsk-card-content-secondary\">\n\t\t\t\t\t\t\t<div class=\"idsk-card-meta-container\">\n\t\t\t\t\t\t\t\t<span class=\"idsk-card-meta idsk-card-meta-date\">\n\t\t\t\t\t\t\t\t\t<a class=\"govuk-link\"\n\t\t\t\t\t\t\t\t\t\thref=\"https:\/\/in.vodapoda.eu\/index.php\/2025\/04\/05\/okruhly-stol-k-priprave-strategie-eu-v-oblasti-vodnej-odolnosti\/\"\n\t\t\t\t\t\t\t\t\t\t\t\t\t\t\t\t\t\t\t\ttitle=\"Pridan\u00e9 d\u0148a: 5. apr\u00edla 2025\"\n\t\t\t\t\t\t\t\t\t>\n\t\t\t\t\t\t\t\t\t\t5. apr\u00edla 2025\t\t\t\t\t\t\t\t\t<\/a>\n\t\t\t\t\t\t\t\t<\/span>\n\n\t\t\t\t\t\t\t\t\t\t\t\t\t\t\t\t\t<span class=\"idsk-card-meta idsk-card-meta-tag\">\n\t\t\t\t\t\t\t\t\t\t<a href=\"https:\/\/in.vodapoda.eu\/index.php\/category\/garant\/\" class=\"govuk-link\" title=\"Odborn\u00e1 verejnos\u0165\">\n\t\t\t\t\t\t\t\t\t\t\tOdborn\u00e1 verejnos\u0165\t\t\t\t\t\t\t\t\t\t<\/a>\n\t\t\t\t\t\t\t\t\t<\/span>\n\t\t\t\t\t\t\t\t\t\t\t\t\t\t\t\t\t\t<span class=\"idsk-card-meta idsk-card-meta-tag\">\n\t\t\t\t\t\t\t\t\t\t<a href=\"https:\/\/in.vodapoda.eu\/index.php\/category\/gov\/\" class=\"govuk-link\" title=\"Verejn\u00e1 organiz\u00e1cia\">\n\t\t\t\t\t\t\t\t\t\t\tVerejn\u00e1 organiz\u00e1cia\t\t\t\t\t\t\t\t\t\t<\/a>\n\t\t\t\t\t\t\t\t\t<\/span>\n\t\t\t\t\t\t\t\t\t\t\t\t\t\t\t\t<\/div>\n\n\t\t\t\t\t\t\t<div class=\"idsk-heading idsk-heading-secondary\">\n\t\t\t\t\t\t\t\t<a href=\"https:\/\/in.vodapoda.eu\/index.php\/2025\/04\/05\/okruhly-stol-k-priprave-strategie-eu-v-oblasti-vodnej-odolnosti\/\" class=\"idsk-card-title govuk-link\" title=\"Okr\u00fahly st\u00f4l k pr\u00edprave Strat\u00e9gie E\u00da v oblasti vodnej odolnosti\">\n\t\t\t\t\t\t\t\t\tOkr\u00fahly st\u00f4l k pr\u00edprave Strat\u00e9gie E\u00da v oblasti vodnej odolnosti\t\t\t\t\t\t\t\t<\/a>\n\t\t\t\t\t\t\t<\/div>\n\n\t\t\t\t\t\t\t<p class=\"idsk-body idsk-body-secondary\">V&nbsp;Bruseli sa konalo v&nbsp;d\u0148och 3. a\u017e 7. marca 2025 podujatie s&nbsp;n\u00e1zvom European Ocean Days. Ide u\u017e o&nbsp;pravideln\u00e9 podujatie, ktor\u00e9 sa kon\u00e1 v&nbsp;s\u00favislosti s&nbsp;agendou Misie EU: Obnovme na\u0161e oce\u00e1ny a&nbsp;vody do roku 2030. Na konci minul\u00e9ho roku, nieko\u013eko mesiacov po vo\u013eb\u00e1ch do Eur\u00f3pskeho parlamentu, sa ujala svojej funkcie nov\u00e1 Eur\u00f3pska komisia. T\u00e1 je zlo\u017een\u00e1 z&nbsp;eurokomis\u00e1rov, ktor\u00e1&#8230;<\/p>\n\t\t\t\t\t\t<\/div>\n\t\t\t\t\t<\/div>\n\t\t\t\t<\/div>\n\n\t\t\t\t\n\t\t\t\t<div class=\"govuk-grid-column-one-third\">\n\t\t\t\t\t<div class=\"idsk-card idsk-card-secondary\">\n\t\t\t\t\t\t<a href=\"https:\/\/in.vodapoda.eu\/index.php\/2025\/03\/29\/europska-aliancia-pre-regenerativne-polnohospodarstvo-eara\/\" title=\"Eur\u00f3pska aliancia pre regenerat\u00edvne po\u013enohospod\u00e1rstvo &#8211; EARA\">\n\t\t\t\t\t\t\t<img class=\"idsk-card-img idsk-card-img-secondary\"\n\t\t\t\t\t\t\t\twidth=\"100%\"\n\t\t\t\t\t\t\t\tsrc=\"https:\/\/i0.wp.com\/in.vodapoda.eu\/wp-content\/uploads\/2025\/03\/farm-visit-7-feb-2025.jpg?fit=546%2C305&#038;ssl=1\"\n\t\t\t\t\t\t\t\talt=\"Eur\u00f3pska aliancia pre regenerat\u00edvne po\u013enohospod\u00e1rstvo &#8211; EARA\"\n\t\t\t\t\t\t\t\taria-hidden=\"true\" \/>\n\t\t\t\t\t\t<\/a>\n\n\t\t\t\t\t\t<div class=\"idsk-card-content idsk-card-content-secondary\">\n\t\t\t\t\t\t\t<div class=\"idsk-card-meta-container\">\n\t\t\t\t\t\t\t\t<span class=\"idsk-card-meta idsk-card-meta-date\">\n\t\t\t\t\t\t\t\t\t<a class=\"govuk-link\"\n\t\t\t\t\t\t\t\t\t\thref=\"https:\/\/in.vodapoda.eu\/index.php\/2025\/03\/29\/europska-aliancia-pre-regenerativne-polnohospodarstvo-eara\/\"\n\t\t\t\t\t\t\t\t\t\t\t\t\t\t\t\t\t\t\t\ttitle=\"Pridan\u00e9 d\u0148a: 29. marca 2025\"\n\t\t\t\t\t\t\t\t\t>\n\t\t\t\t\t\t\t\t\t\t29. marca 2025\t\t\t\t\t\t\t\t\t<\/a>\n\t\t\t\t\t\t\t\t<\/span>\n\n\t\t\t\t\t\t\t\t\t\t\t\t\t\t\t\t\t<span class=\"idsk-card-meta idsk-card-meta-tag\">\n\t\t\t\t\t\t\t\t\t\t<a href=\"https:\/\/in.vodapoda.eu\/index.php\/category\/garant\/\" class=\"govuk-link\" title=\"Odborn\u00e1 verejnos\u0165\">\n\t\t\t\t\t\t\t\t\t\t\tOdborn\u00e1 verejnos\u0165\t\t\t\t\t\t\t\t\t\t<\/a>\n\t\t\t\t\t\t\t\t\t<\/span>\n\t\t\t\t\t\t\t\t\t\t\t\t\t\t\t\t\t\t<span class=\"idsk-card-meta idsk-card-meta-tag\">\n\t\t\t\t\t\t\t\t\t\t<a href=\"https:\/\/in.vodapoda.eu\/index.php\/category\/uzivatel\/\" class=\"govuk-link\" title=\"U\u017e\u00edvate\u013e p\u00f4dy\">\n\t\t\t\t\t\t\t\t\t\t\tU\u017e\u00edvate\u013e p\u00f4dy\t\t\t\t\t\t\t\t\t\t<\/a>\n\t\t\t\t\t\t\t\t\t<\/span>\n\t\t\t\t\t\t\t\t\t\t\t\t\t\t\t\t\t\t<span class=\"idsk-card-meta idsk-card-meta-tag\">\n\t\t\t\t\t\t\t\t\t\t<a href=\"https:\/\/in.vodapoda.eu\/index.php\/category\/gov\/\" class=\"govuk-link\" title=\"Verejn\u00e1 organiz\u00e1cia\">\n\t\t\t\t\t\t\t\t\t\t\tVerejn\u00e1 organiz\u00e1cia\t\t\t\t\t\t\t\t\t\t<\/a>\n\t\t\t\t\t\t\t\t\t<\/span>\n\t\t\t\t\t\t\t\t\t\t\t\t\t\t\t\t<\/div>\n\n\t\t\t\t\t\t\t<div class=\"idsk-heading idsk-heading-secondary\">\n\t\t\t\t\t\t\t\t<a href=\"https:\/\/in.vodapoda.eu\/index.php\/2025\/03\/29\/europska-aliancia-pre-regenerativne-polnohospodarstvo-eara\/\" class=\"idsk-card-title govuk-link\" title=\"Eur\u00f3pska aliancia pre regenerat\u00edvne po\u013enohospod\u00e1rstvo &#8211; EARA\">\n\t\t\t\t\t\t\t\t\tEur\u00f3pska aliancia pre regenerat\u00edvne po\u013enohospod\u00e1rstvo &#8211; EARA\t\t\t\t\t\t\t\t<\/a>\n\t\t\t\t\t\t\t<\/div>\n\n\t\t\t\t\t\t\t<p class=\"idsk-body idsk-body-secondary\">5. a\u017e 7. febru\u00e1ra 2025 sa uskuto\u010dnil v Bruseli EARA AGRIFOOD REGENERATION WEEK. Bol to t\u00fd\u017ede\u0148 tematick\u00fdch podujat\u00ed a stretnut\u00ed novovzniknutej (2023) Eur\u00f3pskej alliance pre regenerat\u00edvne po\u013enohospod\u00e1rstvo https:\/\/eara.farm\/, ktor\u00e9 m\u00e1 viac ako 60 \u010dlenov. Podujatie bolo ve\u013emi u\u017eito\u010dn\u00e9 a potrebn\u00e9, preto\u017ee na \u0148om prebiehala diskusia o tom ako transformova\u0165 priemyseln\u00e9 formy po\u013enohospod\u00e1rstva na regenerat\u00edvne po\u013enohospod\u00e1rstvo&#8230;<\/p>\n\t\t\t\t\t\t<\/div>\n\t\t\t\t\t<\/div>\n\t\t\t\t<\/div>\n\n\t\t\t\t\n\t\t\t\t<div class=\"govuk-grid-column-one-third\">\n\t\t\t\t\t<div class=\"idsk-card idsk-card-secondary\">\n\t\t\t\t\t\t<a href=\"https:\/\/in.vodapoda.eu\/index.php\/2023\/05\/17\/narodny-workshop-zmena-klimy-a-ako-dalej\/\" title=\"N\u00e1rodn\u00fd workshop \u201eZmena kl\u00edmy a\u00a0ako \u010falej\u201c\">\n\t\t\t\t\t\t\t<img class=\"idsk-card-img idsk-card-img-secondary\"\n\t\t\t\t\t\t\t\twidth=\"100%\"\n\t\t\t\t\t\t\t\tsrc=\"https:\/\/i0.wp.com\/in.vodapoda.eu\/wp-content\/uploads\/2023\/05\/zmena-klimy-pozvanka1.png?fit=2552%2C1820&#038;ssl=1\"\n\t\t\t\t\t\t\t\talt=\"N\u00e1rodn\u00fd workshop \u201eZmena kl\u00edmy a\u00a0ako \u010falej\u201c\"\n\t\t\t\t\t\t\t\taria-hidden=\"true\" \/>\n\t\t\t\t\t\t<\/a>\n\n\t\t\t\t\t\t<div class=\"idsk-card-content idsk-card-content-secondary\">\n\t\t\t\t\t\t\t<div class=\"idsk-card-meta-container\">\n\t\t\t\t\t\t\t\t<span class=\"idsk-card-meta idsk-card-meta-date\">\n\t\t\t\t\t\t\t\t\t<a class=\"govuk-link\"\n\t\t\t\t\t\t\t\t\t\thref=\"https:\/\/in.vodapoda.eu\/index.php\/2023\/05\/17\/narodny-workshop-zmena-klimy-a-ako-dalej\/\"\n\t\t\t\t\t\t\t\t\t\t\t\t\t\t\t\t\t\t\t\ttitle=\"Pridan\u00e9 d\u0148a: 17. m\u00e1ja 2023\"\n\t\t\t\t\t\t\t\t\t>\n\t\t\t\t\t\t\t\t\t\t17. m\u00e1ja 2023\t\t\t\t\t\t\t\t\t<\/a>\n\t\t\t\t\t\t\t\t<\/span>\n\n\t\t\t\t\t\t\t\t\t\t\t\t\t\t\t\t\t<span class=\"idsk-card-meta idsk-card-meta-tag\">\n\t\t\t\t\t\t\t\t\t\t<a href=\"https:\/\/in.vodapoda.eu\/index.php\/category\/garant\/\" class=\"govuk-link\" title=\"Odborn\u00e1 verejnos\u0165\">\n\t\t\t\t\t\t\t\t\t\t\tOdborn\u00e1 verejnos\u0165\t\t\t\t\t\t\t\t\t\t<\/a>\n\t\t\t\t\t\t\t\t\t<\/span>\n\t\t\t\t\t\t\t\t\t\t\t\t\t\t\t\t<\/div>\n\n\t\t\t\t\t\t\t<div class=\"idsk-heading idsk-heading-secondary\">\n\t\t\t\t\t\t\t\t<a href=\"https:\/\/in.vodapoda.eu\/index.php\/2023\/05\/17\/narodny-workshop-zmena-klimy-a-ako-dalej\/\" class=\"idsk-card-title govuk-link\" title=\"N\u00e1rodn\u00fd workshop \u201eZmena kl\u00edmy a\u00a0ako \u010falej\u201c\">\n\t\t\t\t\t\t\t\t\tN\u00e1rodn\u00fd workshop \u201eZmena kl\u00edmy a\u00a0ako \u010falej\u201c\t\t\t\t\t\t\t\t<\/a>\n\t\t\t\t\t\t\t<\/div>\n\n\t\t\t\t\t\t\t<p class=\"idsk-body idsk-body-secondary\">V s\u00falade s\u00a0ak\u010dn\u00fdm pl\u00e1nom sa d\u0148a 17.\u00a0m\u00e1ja 2023\u00a0v\u00a0Hoteli Yasmin v\u00a0Ko\u0161iciach uskuto\u010dn\u00ed\u00a0N\u00e1rodn\u00fd workshop \u201eZmena kl\u00edmy a\u00a0ako \u010falej\u201c Viac o workshope na tejto linke<\/p>\n\t\t\t\t\t\t<\/div>\n\t\t\t\t\t<\/div>\n\t\t\t\t<\/div>\n\n\t\t\t\t\t\t\t\t\t<\/div>\n\t\t\t\t\t\n\n\n\t<a href=\"https:\/\/in.vodapoda.eu\/index.php\/aktuality\/\"  role=\"button\" draggable=\"false\"\t\tclass=\"govuk-button \"\n\t\tdata-module=\"govuk-button\"\n\t>\n\t\tV\u0161etky \u010dl\u00e1nky\t<\/a>\n\n\t\n\n\n<div class=\"wp-block-idsk-row\"><div class=\"govuk-grid-row   \"><div class=\"wp-block-idsk-row\">\n<div class=\"wp-block-idsk-column\"><div class=\"govuk-grid-column-full\"><div class=\"    \">\t<h3 class=\"govuk-heading-s\">\n\t\t<strong>Inform\u00e1cie zoraden\u00e9 pod\u013ea okruhu z\u00e1ujmov<\/strong>\t<\/h3>\n\n\t\n\n\n<p><strong><a href=\"https:\/\/in.vodapoda.eu\/index.php\/informacie-o-klimatickom-fonde-pre-podu\/informacie-pre-sukromnu-osobu\/\">U\u017d\u00cdVATE\u013d<\/a><\/strong><br>U\u017e\u00edvate\u013e, vlastn\u00edk alebo spr\u00e1vca p\u00f4dy<\/p>\n\n\n\n<p><strong><a href=\"https:\/\/in.vodapoda.eu\/index.php\/informacie-o-klimatickom-fonde-pre-podu\/informacie-pre-verejnu-organizaciu\/\">VEREJN\u00c1 ORGANIZ\u00c1CIA<\/a><\/strong><br>Obec, V\u00daC, \u0161t\u00e1tna spr\u00e1va a ich organiz\u00e1cie<\/p>\n\n\n\n<p><strong><a href=\"https:\/\/in.vodapoda.eu\/index.php\/informacie\/informacie-pre-odbornu-verejnost\/\">ODBORN\u00c1 VEREJNOS\u0164<\/a><\/strong><br>Projektant, \u0161tudent, expert, vedeck\u00fd pracovn\u00edk<\/p>\n\n\n\n<p><strong><a href=\"https:\/\/in.vodapoda.eu\/index.php\/informacie\/informacie-pre-investorov\/\">INVESTOR<\/a><\/strong><br>Zelen\u00e9 invest\u00edcie, uhl\u00edkov\u00e1 stopa \u2013 investor<\/p>\n\n\n<form role=\"search\" method=\"get\" action=\"https:\/\/in.vodapoda.eu\/\" class=\"wp-block-search__button-inside wp-block-search__icon-button wp-block-search\"    ><label class=\"wp-block-search__label\" for=\"wp-block-search__input-1\" >H\u013eada\u0165<\/label><div class=\"wp-block-search__inside-wrapper\" ><input class=\"wp-block-search__input\" id=\"wp-block-search__input-1\" placeholder=\"\" value=\"\" type=\"search\" name=\"s\" required \/><button aria-label=\"Zadajte h\u013eadan\u00fd v\u00fdraz\" class=\"wp-block-search__button has-icon wp-element-button\" type=\"submit\" ><svg class=\"search-icon\" viewBox=\"0 0 24 24\" width=\"24\" height=\"24\">\n\t\t\t\t\t<path d=\"M13 5c-3.3 0-6 2.7-6 6 0 1.4.5 2.7 1.3 3.7l-3.8 3.8 1.1 1.1 3.8-3.8c1 .8 2.3 1.3 3.7 1.3 3.3 0 6-2.7 6-6S16.3 5 13 5zm0 10.5c-2.5 0-4.5-2-4.5-4.5s2-4.5 4.5-4.5 4.5 2 4.5 4.5-2 4.5-4.5 4.5z\"><\/path>\n\t\t\t\t<\/svg><\/button><\/div><\/form>\n\n\n<p>H\u013ead\u00e1te toto? <a href=\"https:\/\/in.vodapoda.eu\/index.php\/informacie\/zdroje-financovania\/\">Zdroje financovania<\/a> <a href=\"https:\/\/in.vodapoda.eu\/index.php\/informacie\/dokumenty\/\">Dokumenty <\/a><a href=\"https:\/\/in.vodapoda.eu\/index.php\/informacie\/casto-kladene-otazky-fq\/\">\u010casto kladen\u00e9 ot\u00e1zky (F&amp;Q)<\/a><\/p>\n<\/div><\/div><\/div>\n<\/div><\/div><\/div>\n<\/div>\n\n\n\n<div class=\"wp-block-column is-layout-flow wp-block-column-is-layout-flow\" style=\"flex-basis:33.33%\">\n<div class=\"wp-block-idsk-container app-pane-lgray govuk-!-padding-top-0 govuk-!-padding-bottom-0\"><div class=\"govuk-width-container\"><div class=\"wp-block-idsk-container\">\n<div class=\"wp-block-idsk-row\"><div class=\"govuk-grid-row   \"><div class=\"wp-block-idsk-row\">\n<div class=\"wp-block-idsk-column\"><div class=\"govuk-grid-column-full\"><div class=\"    \">\n\t<div class=\"govuk-inset-text\">\n\t\tPOPUL\u00c1RNY OBSAH &#8211; CHCEM SA ZAPOJI\u0164!<br><br><a href=\"https:\/\/in.vodapoda.eu\/index.php\/katalog-opatreni-rieseni-a-prikladov-z-praxe\/\">Katal\u00f3g opatren\u00ed, rie\u0161en\u00ed a pr\u00edkladov z praxe<\/a><br><br><a href=\"https:\/\/in.vodapoda.eu\/index.php\/informacie\/a-6-ako-na-to\/a-6-1-mapovanie-zrealizovanych-adaptacnych-opatreni-a-udrzatelnych-sposobov-obhospodarovania-pody\/\">Mapovanie zrealizovan\u00fdch adapta\u010dn\u00fdch opatren\u00ed a\u00a0udr\u017eate\u013en\u00fdch sp\u00f4sobov<br>obhospodarovania p\u00f4dy<\/a><br><br><a href=\"https:\/\/in.vodapoda.eu\/index.php\/informacie\/a-6-ako-na-to\/a-6-2-zapojenie-sa-do-pripravy-a-realizacie-modelovych-adaptacnych-opatreni\/\">Zapojenie sa do pr\u00edpravy a realiz\u00e1cie modelov\u00fdch adapta\u010dn\u00fdch opatren\u00ed<\/a><br><br><a href=\"https:\/\/in.vodapoda.eu\/index.php\/informacie\/a-6-ako-na-to\/a-6-7-vyuzitie-neuzitkov-v-sprave-spf-pre-regenerativne-polnohospodarstvo-zelene-dohody\/\">Vyu\u017eitie &#8222;ne\u00fa\u017eitkov&#8220; v spr\u00e1ve SPF pre regenerat\u00edvne po\u013enohospod\u00e1rstvo \u2013 zelen\u00e9 dohody<\/a><br><br><a href=\"https:\/\/in.vodapoda.eu\/index.php\/informacie\/a-6-ako-na-to\/adaptivna-obnova-a-manazment-odvodnovacich-kanalov-v-sprave-hm-s-p-navrat-vody-do-krajiny\/\">Adapt\u00edvna obnova a mana\u017ement odvod\u0148ovac\u00edch kan\u00e1lov v spr\u00e1ve HM, \u0161.p.<\/a><br><br><a href=\"https:\/\/in.vodapoda.eu\/index.php\/informacie\/a-6-ako-na-to\/a-6-5-skolenia-a-trening\/\">U\u017eito\u010dn\u00e9 \u0161kolenia a tr\u00e9ning<\/a><br><br><a href=\"https:\/\/in.vodapoda.eu\/index.php\/informacie\/a-6-ako-na-to\/a-6-3-zapojenie-sa-do-certifikacneho-systemu-uhlikova-a-vodna-banka\/\">Zapojenie sa do certifika\u010dn\u00e9ho syst\u00e9mu Uhl\u00edkov\u00e1 a vodn\u00e1 banka<\/a><br><br><a href=\"https:\/\/in.vodapoda.eu\/index.php\/informacie\/a-6-ako-na-to\/a-6-4-mate-zaujem-o-hodnotenie-vplyvu-vasho-pozemku-parcely-na-hydrologiu-a-zmeny-klimy\/\">Hodnotenie vplyvu parcely \/ budovy na hydrol\u00f3giu, biol\u00f3giu a zmeny kl\u00edmy<\/a><br><br><br><strong><a href=\"https:\/\/edu.vodapoda.eu\/login\/index.php\/\">Z\u00f3na pre registrovan\u00fdch pou\u017e\u00edvate\u013eov<\/a><\/strong>\t<\/div>\n\n\t\n\n\n\t<a href=\"https:\/\/in.vodapoda.eu\/index.php\/newsletter\/\"  role=\"button\" draggable=\"false\"\t\tclass=\"govuk-button \"\n\t\tdata-module=\"govuk-button\"\n\t>\n\t\tPrihl\u00e1si\u0165 sa k odberu noviniek a inform\u00e1ci\u00ed\t<\/a>\n\n\t<\/div><\/div><\/div>\n<\/div><\/div><\/div>\n\n\n\n<div class=\"wp-block-idsk-row\"><div class=\"govuk-grid-row   \"><div class=\"wp-block-idsk-row\">\n<div class=\"wp-block-idsk-column\"><div class=\"govuk-grid-column-full\"><div class=\"    \"><div class=\"wp-block-image\">\n<figure class=\"aligncenter size-full\"><a href=\"https:\/\/www.mpsr.sk\/\" target=\"_blank\" rel=\"noreferrer noopener\"><img decoding=\"async\" src=\"#\" alt=\"\" class=\"wp-image-602\"\/><\/a><\/figure>\n<\/div><\/div><\/div><\/div>\n<\/div><\/div><\/div>\n<\/div><\/div><\/div>\n<\/div>\n<\/div>\n\n\n\n<p><\/p>\n","protected":false},"excerpt":{"rendered":"","protected":false},"author":1,"featured_media":0,"parent":0,"menu_order":0,"comment_status":"closed","ping_status":"closed","template":"","meta":{"footnotes":""},"class_list":["post-7","page","type-page","status-publish","hentry"],"jetpack_sharing_enabled":true,"_links":{"self":[{"href":"https:\/\/in.vodapoda.eu\/index.php\/wp-json\/wp\/v2\/pages\/7","targetHints":{"allow":["GET"]}}],"collection":[{"href":"https:\/\/in.vodapoda.eu\/index.php\/wp-json\/wp\/v2\/pages"}],"about":[{"href":"https:\/\/in.vodapoda.eu\/index.php\/wp-json\/wp\/v2\/types\/page"}],"author":[{"embeddable":true,"href":"https:\/\/in.vodapoda.eu\/index.php\/wp-json\/wp\/v2\/users\/1"}],"replies":[{"embeddable":true,"href":"https:\/\/in.vodapoda.eu\/index.php\/wp-json\/wp\/v2\/comments?post=7"}],"version-history":[{"count":82,"href":"https:\/\/in.vodapoda.eu\/index.php\/wp-json\/wp\/v2\/pages\/7\/revisions"}],"predecessor-version":[{"id":794,"href":"https:\/\/in.vodapoda.eu\/index.php\/wp-json\/wp\/v2\/pages\/7\/revisions\/794"}],"wp:attachment":[{"href":"https:\/\/in.vodapoda.eu\/index.php\/wp-json\/wp\/v2\/media?parent=7"}],"curies":[{"name":"wp","href":"https:\/\/api.w.org\/{rel}","templated":true}]}}